{"id":172,"date":"2014-11-03T09:05:05","date_gmt":"2014-11-03T09:05:05","guid":{"rendered":"http:\/\/wp1181213.server-he.de\/hubertus\/?page_id=172"},"modified":"2026-02-02T09:59:02","modified_gmt":"2026-02-02T09:59:02","slug":"ferienwohnungen","status":"publish","type":"page","link":"https:\/\/urlaub-am-inselsberg.de\/hubertus\/ferienwohnungen\/","title":{"rendered":"Ferienwohnungen"},"content":{"rendered":"<p>[et_pb_section fb_built=&#8220;1&#8243; _builder_version=&#8220;3.22&#8243; background_color=&#8220;#ffffff&#8220; background_image=&#8220;http:\/\/urlaubaminselsberg.km34701.keymachine.de\/hubertus\/wp-content\/uploads\/2014\/11\/Hintergrund-Hubertus.jpg&#8220; transparent_background=&#8220;off&#8220;][et_pb_row _builder_version=&#8220;3.25&#8243; background_size=&#8220;initial&#8220; background_position=&#8220;top_left&#8220; background_repeat=&#8220;repeat&#8220;][et_pb_column type=&#8220;4_4&#8243; _builder_version=&#8220;3.25&#8243; custom_padding=&#8220;|||&#8220; custom_padding__hover=&#8220;|||&#8220;][et_pb_text admin_label=&#8220;Text Unsere Ferienwohnungen&#8220; _builder_version=&#8220;4.4.2&#8243; background_size=&#8220;initial&#8220; background_position=&#8220;top_left&#8220; background_repeat=&#8220;repeat&#8220;]<\/p>\n<h2>Unsere Ferienwohnungen<\/h2>\n<p>[\/et_pb_text][et_pb_text _builder_version=&#8220;3.27.4&#8243; background_size=&#8220;initial&#8220; background_position=&#8220;top_left&#8220; background_repeat=&#8220;repeat&#8220;]<a name=\"fewo\"><\/a><br \/>\n[\/et_pb_text][\/et_pb_column][\/et_pb_row][et_pb_row column_structure=&#8220;1_3,1_3,1_3&#8243; _builder_version=&#8220;3.25&#8243; background_size=&#8220;initial&#8220; background_position=&#8220;top_left&#8220; background_repeat=&#8220;repeat&#8220;][et_pb_column type=&#8220;1_3&#8243; _builder_version=&#8220;3.25&#8243; custom_padding=&#8220;|||&#8220; custom_padding__hover=&#8220;|||&#8220;][et_pb_toggle title=&#8220;Ferienwohnung Bungalow&#8220; open=&#8220;on&#8220; admin_label=&#8220;Toggle Bungalow&#8220; _builder_version=&#8220;4.4.2&#8243; background_size=&#8220;initial&#8220; background_position=&#8220;top_left&#8220; background_repeat=&#8220;repeat&#8220;]<\/p>\n<p><a href=\"https:\/\/urlaub-am-inselsberg.de\/hubertus\/wp-content\/uploads\/2014\/11\/Ferienwohnung_Bungalow.jpg\"><img loading=\"lazy\" class=\"alignnone size-full wp-image-179\" src=\"https:\/\/urlaub-am-inselsberg.de\/hubertus\/wp-content\/uploads\/2014\/11\/Ferienwohnung_Bungalow.jpg\" alt=\"Ferienwohnung_Bungalow\" width=\"500\" height=\"202\" srcset=\"https:\/\/urlaub-am-inselsberg.de\/hubertus\/wp-content\/uploads\/2014\/11\/Ferienwohnung_Bungalow.jpg 500w, https:\/\/urlaub-am-inselsberg.de\/hubertus\/wp-content\/uploads\/2014\/11\/Ferienwohnung_Bungalow-300x121.jpg 300w\" sizes=\"(max-width: 500px) 100vw, 500px\" \/><\/a><\/p>\n<p><strong><em>Ferienwohnung mit 30m\u00b2 Wohnfl\u00e4che<\/em><\/strong><\/p>\n<p><strong><span style=\"text-decoration: underline;\">Unser Bungalow:<\/span><\/strong><\/p>\n<ul>\n<li>Veranda<\/li>\n<li>ein kombinierter Wohn-Schlaf-Raum mit Doppelbett<\/li>\n<li>Kochnische und Mikrowelle<\/li>\n<li>Bad mit Dusche und WC<\/li>\n<li>Sitzecke im Garten<\/li>\n<\/ul>\n<p>[\/et_pb_toggle][et_pb_toggle title=&#8220;Ausstattung&#8220; admin_label=&#8220;Toggle Ausstattung&#8220; _builder_version=&#8220;3.0.98&#8243; background_size=&#8220;initial&#8220; background_position=&#8220;top_left&#8220; background_repeat=&#8220;repeat&#8220;]<\/p>\n<ul>\n<li>Radio<\/li>\n<li>SAT-TV, WLAN (im Wintergarten)<\/li>\n<li>Kaffeemaschine<\/li>\n<li>Wasserkocher<\/li>\n<li>F\u00f6n<\/li>\n<li>Safe<\/li>\n<\/ul>\n<p>[\/et_pb_toggle][et_pb_toggle title=&#8220;Galerie&#8220; admin_label=&#8220;Toggle Galerie&#8220; _builder_version=&#8220;4.4.2&#8243; background_size=&#8220;initial&#8220; background_position=&#8220;top_left&#8220; background_repeat=&#8220;repeat&#8220;]\n\n<div class=\"ngg-galleryoverview ngg-slideshow\"\n\t id=\"ngg-slideshow-234-5448446000\"\n     data-gallery-id=\"234\"\n     style=\"max-width: 600px; max-height: 400px;\">\n\n \t<div id=\"ngg-image-0\" class=\"ngg-gallery-slideshow-image\" style=\"height:400px\">\n\n        <a href=\"https:\/\/urlaub-am-inselsberg.de\/hubertus\/wp-content\/gallery\/bungalow\/Bungalow-021.jpg\"\n           title=\"\"\n           data-src=\"https:\/\/urlaub-am-inselsberg.de\/hubertus\/wp-content\/gallery\/bungalow\/Bungalow-021.jpg\"\n           data-thumbnail=\"https:\/\/urlaub-am-inselsberg.de\/hubertus\/wp-content\/gallery\/bungalow\/thumbs\/thumbs_Bungalow-021.jpg\"\n           data-image-id=\"4\"\n           data-title=\"Bungalow-021\"\n           data-description=\"\"\n           class=\"ngg-fancybox\" rel=\"234\">\n\n            <img data-image-id='4'\n                 title=\"\"\n                 alt=\"Bungalow-021\"\n                 src=\"https:\/\/urlaub-am-inselsberg.de\/hubertus\/wp-content\/gallery\/bungalow\/Bungalow-021.jpg\"\n                 style=\"max-height: 380px;\"\/>\n        <\/a>\n\n        <\/div> \n<div id=\"ngg-image-1\" class=\"ngg-gallery-slideshow-image\" style=\"height:400px\">\n\n        <a href=\"https:\/\/urlaub-am-inselsberg.de\/hubertus\/wp-content\/gallery\/bungalow\/im-Sommer.jpg\"\n           title=\"\"\n           data-src=\"https:\/\/urlaub-am-inselsberg.de\/hubertus\/wp-content\/gallery\/bungalow\/im-Sommer.jpg\"\n           data-thumbnail=\"https:\/\/urlaub-am-inselsberg.de\/hubertus\/wp-content\/gallery\/bungalow\/thumbs\/thumbs_im-Sommer.jpg\"\n           data-image-id=\"6\"\n           data-title=\"im-Sommer\"\n           data-description=\"\"\n           class=\"ngg-fancybox\" rel=\"234\">\n\n            <img data-image-id='6'\n                 title=\"\"\n                 alt=\"im-Sommer\"\n                 src=\"https:\/\/urlaub-am-inselsberg.de\/hubertus\/wp-content\/gallery\/bungalow\/im-Sommer.jpg\"\n                 style=\"max-height: 380px;\"\/>\n        <\/a>\n\n        <\/div> \n<div id=\"ngg-image-2\" class=\"ngg-gallery-slideshow-image\" style=\"height:400px\">\n\n        <a href=\"https:\/\/urlaub-am-inselsberg.de\/hubertus\/wp-content\/gallery\/bungalow\/Sitzgruppe.jpg\"\n           title=\"\"\n           data-src=\"https:\/\/urlaub-am-inselsberg.de\/hubertus\/wp-content\/gallery\/bungalow\/Sitzgruppe.jpg\"\n           data-thumbnail=\"https:\/\/urlaub-am-inselsberg.de\/hubertus\/wp-content\/gallery\/bungalow\/thumbs\/thumbs_Sitzgruppe.jpg\"\n           data-image-id=\"7\"\n           data-title=\"Sitzgruppe\"\n           data-description=\"\"\n           class=\"ngg-fancybox\" rel=\"234\">\n\n            <img data-image-id='7'\n                 title=\"\"\n                 alt=\"Sitzgruppe\"\n                 src=\"https:\/\/urlaub-am-inselsberg.de\/hubertus\/wp-content\/gallery\/bungalow\/Sitzgruppe.jpg\"\n                 style=\"max-height: 380px;\"\/>\n        <\/a>\n\n        <\/div> \n<div id=\"ngg-image-3\" class=\"ngg-gallery-slideshow-image\" style=\"height:400px\">\n\n        <a href=\"https:\/\/urlaub-am-inselsberg.de\/hubertus\/wp-content\/gallery\/bungalow\/Bungalow.jpg\"\n           title=\"\"\n           data-src=\"https:\/\/urlaub-am-inselsberg.de\/hubertus\/wp-content\/gallery\/bungalow\/Bungalow.jpg\"\n           data-thumbnail=\"https:\/\/urlaub-am-inselsberg.de\/hubertus\/wp-content\/gallery\/bungalow\/thumbs\/thumbs_Bungalow.jpg\"\n           data-image-id=\"1\"\n           data-title=\"Bungalow\"\n           data-description=\"\"\n           class=\"ngg-fancybox\" rel=\"234\">\n\n            <img data-image-id='1'\n                 title=\"\"\n                 alt=\"Bungalow\"\n                 src=\"https:\/\/urlaub-am-inselsberg.de\/hubertus\/wp-content\/gallery\/bungalow\/Bungalow.jpg\"\n                 style=\"max-height: 380px;\"\/>\n        <\/a>\n\n        <\/div> \n<div id=\"ngg-image-4\" class=\"ngg-gallery-slideshow-image\" style=\"height:400px\">\n\n        <a href=\"https:\/\/urlaub-am-inselsberg.de\/hubertus\/wp-content\/gallery\/bungalow\/Bungalow-2-001.jpg\"\n           title=\"\"\n           data-src=\"https:\/\/urlaub-am-inselsberg.de\/hubertus\/wp-content\/gallery\/bungalow\/Bungalow-2-001.jpg\"\n           data-thumbnail=\"https:\/\/urlaub-am-inselsberg.de\/hubertus\/wp-content\/gallery\/bungalow\/thumbs\/thumbs_Bungalow-2-001.jpg\"\n           data-image-id=\"2\"\n           data-title=\"Bungalow-2-001\"\n           data-description=\"\"\n           class=\"ngg-fancybox\" rel=\"234\">\n\n            <img data-image-id='2'\n                 title=\"\"\n                 alt=\"Bungalow-2-001\"\n                 src=\"https:\/\/urlaub-am-inselsberg.de\/hubertus\/wp-content\/gallery\/bungalow\/Bungalow-2-001.jpg\"\n                 style=\"max-height: 380px;\"\/>\n        <\/a>\n\n        <\/div> \n<div id=\"ngg-image-5\" class=\"ngg-gallery-slideshow-image\" style=\"height:400px\">\n\n        <a href=\"https:\/\/urlaub-am-inselsberg.de\/hubertus\/wp-content\/gallery\/bungalow\/Bungalow-2-006.jpg\"\n           title=\"\"\n           data-src=\"https:\/\/urlaub-am-inselsberg.de\/hubertus\/wp-content\/gallery\/bungalow\/Bungalow-2-006.jpg\"\n           data-thumbnail=\"https:\/\/urlaub-am-inselsberg.de\/hubertus\/wp-content\/gallery\/bungalow\/thumbs\/thumbs_Bungalow-2-006.jpg\"\n           data-image-id=\"3\"\n           data-title=\"Bungalow-2-006\"\n           data-description=\"\"\n           class=\"ngg-fancybox\" rel=\"234\">\n\n            <img data-image-id='3'\n                 title=\"\"\n                 alt=\"Bungalow-2-006\"\n                 src=\"https:\/\/urlaub-am-inselsberg.de\/hubertus\/wp-content\/gallery\/bungalow\/Bungalow-2-006.jpg\"\n                 style=\"max-height: 380px;\"\/>\n        <\/a>\n\n        <\/div> \n<div id=\"ngg-image-6\" class=\"ngg-gallery-slideshow-image\" style=\"height:400px\">\n\n        <a href=\"https:\/\/urlaub-am-inselsberg.de\/hubertus\/wp-content\/gallery\/bungalow\/Ferienwohnung-1.jpg\"\n           title=\"\"\n           data-src=\"https:\/\/urlaub-am-inselsberg.de\/hubertus\/wp-content\/gallery\/bungalow\/Ferienwohnung-1.jpg\"\n           data-thumbnail=\"https:\/\/urlaub-am-inselsberg.de\/hubertus\/wp-content\/gallery\/bungalow\/thumbs\/thumbs_Ferienwohnung-1.jpg\"\n           data-image-id=\"5\"\n           data-title=\"Ferienwohnung-1\"\n           data-description=\"\"\n           class=\"ngg-fancybox\" rel=\"234\">\n\n            <img data-image-id='5'\n                 title=\"\"\n                 alt=\"Ferienwohnung-1\"\n                 src=\"https:\/\/urlaub-am-inselsberg.de\/hubertus\/wp-content\/gallery\/bungalow\/Ferienwohnung-1.jpg\"\n                 style=\"max-height: 380px;\"\/>\n        <\/a>\n\n        <\/div> \n<div id=\"ngg-image-7\" class=\"ngg-gallery-slideshow-image\" style=\"height:400px\">\n\n        <a href=\"https:\/\/urlaub-am-inselsberg.de\/hubertus\/wp-content\/gallery\/bungalow\/grundrisse_bulow.jpg\"\n           title=\"\"\n           data-src=\"https:\/\/urlaub-am-inselsberg.de\/hubertus\/wp-content\/gallery\/bungalow\/grundrisse_bulow.jpg\"\n           data-thumbnail=\"https:\/\/urlaub-am-inselsberg.de\/hubertus\/wp-content\/gallery\/bungalow\/thumbs\/thumbs_grundrisse_bulow.jpg\"\n           data-image-id=\"8\"\n           data-title=\"grundrisse_bulow\"\n           data-description=\"\"\n           class=\"ngg-fancybox\" rel=\"234\">\n\n            <img data-image-id='8'\n                 title=\"\"\n                 alt=\"grundrisse_bulow\"\n                 src=\"https:\/\/urlaub-am-inselsberg.de\/hubertus\/wp-content\/gallery\/bungalow\/grundrisse_bulow.jpg\"\n                 style=\"max-height: 380px;\"\/>\n        <\/a>\n\n        <\/div> \n<\/div>\n\n\n\t\t<!-- Thumbnails Link -->\n\t<div class=\"slideshowlink\" style=\"max-width: 600px;\">\n        <a href='https:\/\/urlaub-am-inselsberg.de\/hubertus\/ferienwohnungen\/nggallery\/thumbnails'>Bildergalerie<\/a>\n\t<\/div>\n\n[\/et_pb_toggle][et_pb_toggle title=&#8220;Preise&#8220; admin_label=&#8220;Toggle Preise&#8220; _builder_version=&#8220;4.9.3&#8243; background_size=&#8220;initial&#8220; background_position=&#8220;top_left&#8220; background_repeat=&#8220;repeat&#8220; hover_enabled=&#8220;0&#8243; sticky_enabled=&#8220;0&#8243;]<\/p>\n<p><strong><br \/>\u00dcbernachtungspreis: <\/strong>30,- \u20ac<br \/>bis 2 Personen<\/p>\n<p>Bei <strong>Einzelbelegung<\/strong> einmalig 5.00 \u20ac Abzug pro Aufenthalt<\/p>\n<p><strong>jede weitere Person: <\/strong>5,- \u20ac<\/p>\n<p><strong>Endreinigung<\/strong>: 30,00 \u20ac<\/p>\n<p><strong><strong>Transfer zum Rennsteig: <\/strong><\/strong>1,- \u20ac pro Person<\/p>\n<p><strong>kleine Hunde<\/strong><strong>: <\/strong>2,50 \u20ac<br \/>(nur nach R\u00fccksprache)<\/p>\n<p><strong>Fahrradverleih: <\/strong>4,- \u20ac<\/p>\n<p><strong>Kurtaxe:<\/strong> 3,50 \u20ac f\u00fcr Erwachsene, <br \/>2,20 \u20ac f\u00fcr Kinder (von 6-16 Jahren)<\/p>\n<p>Inbegriffen sind\u00a0 Transfer von und zur Bahn, jede Woche frische Handt\u00fccher, alle 14 Tage frische Bettw\u00e4sche.<\/p>\n<p><strong>\u00a0\u00a0\u00a0\u00a0\u00a0\u00a0\u00a0\u00a0\u00a0\u00a0\u00a0\u00a0\u00a0 <\/strong><\/p>\n<p>[\/et_pb_toggle][\/et_pb_column][et_pb_column type=&#8220;1_3&#8243; _builder_version=&#8220;3.25&#8243; custom_padding=&#8220;|||&#8220; custom_padding__hover=&#8220;|||&#8220;][et_pb_toggle title=&#8220;Ferienwohnung Gottlob&#8220; open=&#8220;on&#8220; admin_label=&#8220;Toggle Gottlob&#8220; _builder_version=&#8220;4.4.2&#8243; background_size=&#8220;initial&#8220; background_position=&#8220;top_left&#8220; background_repeat=&#8220;repeat&#8220;]<a href=\"https:\/\/urlaub-am-inselsberg.de\/hubertus\/wp-content\/uploads\/2014\/11\/Gottlob.jpg\"><img loading=\"lazy\" class=\"alignnone wp-image-249 size-full\" src=\"https:\/\/urlaub-am-inselsberg.de\/hubertus\/\/wp-content\/uploads\/2014\/11\/Gottlob.jpg\" alt=\"\" width=\"500\" height=\"202\" srcset=\"https:\/\/urlaub-am-inselsberg.de\/hubertus\/wp-content\/uploads\/2014\/11\/Gottlob.jpg 500w, https:\/\/urlaub-am-inselsberg.de\/hubertus\/wp-content\/uploads\/2014\/11\/Gottlob-300x121.jpg 300w\" sizes=\"(max-width: 500px) 100vw, 500px\" \/><\/a><\/p>\n<p><em><strong>3 Sterne Ferienwohnung mit 65m\u00b2 Wohnfl\u00e4che<\/strong><\/em><\/p>\n<p><span style=\"text-decoration: underline;\"><strong>Unsere Ferienwohnung:<\/strong><\/span><\/p>\n<ul>\n<li>kombinierter Wohnschlafraum (Ausziehcouch 2 x 1,60 m),<\/li>\n<li>amerikanische K\u00fcchenzeile,<\/li>\n<li>gro\u00dfes Schlafzimmer mit 3 Schlafm\u00f6glichkeiten (ein Doppelbett, 1 Wandbett),<\/li>\n<li>gro\u00dfes Bad mit zwei Waschbecken, DU\/WC,<\/li>\n<li>gro\u00dfe Terrasse mit einer gem\u00fctlichen Sitzecke<\/li>\n<\/ul>\n<p>[\/et_pb_toggle][et_pb_toggle title=&#8220;Ausstattung&#8220; admin_label=&#8220;Toggle Ausstattung&#8220; _builder_version=&#8220;3.0.98&#8243; background_size=&#8220;initial&#8220; background_position=&#8220;top_left&#8220; background_repeat=&#8220;repeat&#8220;]<\/p>\n<ul>\n<li>CD-Player<\/li>\n<li>DVD Player<\/li>\n<li>SAT-TV, WLAN<\/li>\n<li>Mikrowelle<\/li>\n<li>Kaffeemaschine<\/li>\n<li>Wasserkocher<\/li>\n<li>F\u00f6n<\/li>\n<li>Safe<\/li>\n<\/ul>\n<p>[\/et_pb_toggle][et_pb_toggle title=&#8220;Galerie&#8220; admin_label=&#8220;Toggle Galerie&#8220; _builder_version=&#8220;4.4.2&#8243; background_size=&#8220;initial&#8220; background_position=&#8220;top_left&#8220; background_repeat=&#8220;repeat&#8220;]\n\n<div class=\"ngg-galleryoverview ngg-slideshow\"\n\t id=\"ngg-slideshow-272-8327910180\"\n     data-gallery-id=\"272\"\n     style=\"max-width: 600px; max-height: 400px;\">\n\n \t<div id=\"ngg-image-0\" class=\"ngg-gallery-slideshow-image\" style=\"height:400px\">\n\n        <a href=\"https:\/\/urlaub-am-inselsberg.de\/hubertus\/wp-content\/gallery\/gottlob\/Terasse.jpg\"\n           title=\"\"\n           data-src=\"https:\/\/urlaub-am-inselsberg.de\/hubertus\/wp-content\/gallery\/gottlob\/Terasse.jpg\"\n           data-thumbnail=\"https:\/\/urlaub-am-inselsberg.de\/hubertus\/wp-content\/gallery\/gottlob\/thumbs\/thumbs_Terasse.jpg\"\n           data-image-id=\"13\"\n           data-title=\"Terasse\"\n           data-description=\"\"\n           class=\"ngg-fancybox\" rel=\"272\">\n\n            <img data-image-id='13'\n                 title=\"\"\n                 alt=\"Terasse\"\n                 src=\"https:\/\/urlaub-am-inselsberg.de\/hubertus\/wp-content\/gallery\/gottlob\/Terasse.jpg\"\n                 style=\"max-height: 380px;\"\/>\n        <\/a>\n\n        <\/div> \n<div id=\"ngg-image-1\" class=\"ngg-gallery-slideshow-image\" style=\"height:400px\">\n\n        <a href=\"https:\/\/urlaub-am-inselsberg.de\/hubertus\/wp-content\/gallery\/gottlob\/Terasse-zu-FeWo2.jpg\"\n           title=\"\"\n           data-src=\"https:\/\/urlaub-am-inselsberg.de\/hubertus\/wp-content\/gallery\/gottlob\/Terasse-zu-FeWo2.jpg\"\n           data-thumbnail=\"https:\/\/urlaub-am-inselsberg.de\/hubertus\/wp-content\/gallery\/gottlob\/thumbs\/thumbs_Terasse-zu-FeWo2.jpg\"\n           data-image-id=\"14\"\n           data-title=\"Terasse-zu-FeWo2\"\n           data-description=\"\"\n           class=\"ngg-fancybox\" rel=\"272\">\n\n            <img data-image-id='14'\n                 title=\"\"\n                 alt=\"Terasse-zu-FeWo2\"\n                 src=\"https:\/\/urlaub-am-inselsberg.de\/hubertus\/wp-content\/gallery\/gottlob\/Terasse-zu-FeWo2.jpg\"\n                 style=\"max-height: 380px;\"\/>\n        <\/a>\n\n        <\/div> \n<div id=\"ngg-image-2\" class=\"ngg-gallery-slideshow-image\" style=\"height:400px\">\n\n        <a href=\"https:\/\/urlaub-am-inselsberg.de\/hubertus\/wp-content\/gallery\/gottlob\/Am.K%C3%BCche.jpg\"\n           title=\"\"\n           data-src=\"https:\/\/urlaub-am-inselsberg.de\/hubertus\/wp-content\/gallery\/gottlob\/Am.K%C3%BCche.jpg\"\n           data-thumbnail=\"https:\/\/urlaub-am-inselsberg.de\/hubertus\/wp-content\/gallery\/gottlob\/thumbs\/thumbs_Am.K%C3%BCche.jpg\"\n           data-image-id=\"10\"\n           data-title=\"Am.K\u00fcche\"\n           data-description=\"\"\n           class=\"ngg-fancybox\" rel=\"272\">\n\n            <img data-image-id='10'\n                 title=\"\"\n                 alt=\"Am.K\u00fcche\"\n                 src=\"https:\/\/urlaub-am-inselsberg.de\/hubertus\/wp-content\/gallery\/gottlob\/Am.K%C3%BCche.jpg\"\n                 style=\"max-height: 380px;\"\/>\n        <\/a>\n\n        <\/div> \n<div id=\"ngg-image-3\" class=\"ngg-gallery-slideshow-image\" style=\"height:400px\">\n\n        <a href=\"https:\/\/urlaub-am-inselsberg.de\/hubertus\/wp-content\/gallery\/gottlob\/Bad.jpg\"\n           title=\"\"\n           data-src=\"https:\/\/urlaub-am-inselsberg.de\/hubertus\/wp-content\/gallery\/gottlob\/Bad.jpg\"\n           data-thumbnail=\"https:\/\/urlaub-am-inselsberg.de\/hubertus\/wp-content\/gallery\/gottlob\/thumbs\/thumbs_Bad.jpg\"\n           data-image-id=\"11\"\n           data-title=\"Bad\"\n           data-description=\"\"\n           class=\"ngg-fancybox\" rel=\"272\">\n\n            <img data-image-id='11'\n                 title=\"\"\n                 alt=\"Bad\"\n                 src=\"https:\/\/urlaub-am-inselsberg.de\/hubertus\/wp-content\/gallery\/gottlob\/Bad.jpg\"\n                 style=\"max-height: 380px;\"\/>\n        <\/a>\n\n        <\/div> \n<div id=\"ngg-image-4\" class=\"ngg-gallery-slideshow-image\" style=\"height:400px\">\n\n        <a href=\"https:\/\/urlaub-am-inselsberg.de\/hubertus\/wp-content\/gallery\/gottlob\/grundrisse_gottlob.jpg\"\n           title=\"\"\n           data-src=\"https:\/\/urlaub-am-inselsberg.de\/hubertus\/wp-content\/gallery\/gottlob\/grundrisse_gottlob.jpg\"\n           data-thumbnail=\"https:\/\/urlaub-am-inselsberg.de\/hubertus\/wp-content\/gallery\/gottlob\/thumbs\/thumbs_grundrisse_gottlob.jpg\"\n           data-image-id=\"9\"\n           data-title=\"grundrisse_gottlob\"\n           data-description=\"\"\n           class=\"ngg-fancybox\" rel=\"272\">\n\n            <img data-image-id='9'\n                 title=\"\"\n                 alt=\"grundrisse_gottlob\"\n                 src=\"https:\/\/urlaub-am-inselsberg.de\/hubertus\/wp-content\/gallery\/gottlob\/grundrisse_gottlob.jpg\"\n                 style=\"max-height: 380px;\"\/>\n        <\/a>\n\n        <\/div> \n<div id=\"ngg-image-5\" class=\"ngg-gallery-slideshow-image\" style=\"height:400px\">\n\n        <a href=\"https:\/\/urlaub-am-inselsberg.de\/hubertus\/wp-content\/gallery\/gottlob\/FeWo_Gottlob_1.jpg\"\n           title=\"\"\n           data-src=\"https:\/\/urlaub-am-inselsberg.de\/hubertus\/wp-content\/gallery\/gottlob\/FeWo_Gottlob_1.jpg\"\n           data-thumbnail=\"https:\/\/urlaub-am-inselsberg.de\/hubertus\/wp-content\/gallery\/gottlob\/thumbs\/thumbs_FeWo_Gottlob_1.jpg\"\n           data-image-id=\"25\"\n           data-title=\"FeWo_Gottlob_1\"\n           data-description=\"\"\n           class=\"ngg-fancybox\" rel=\"272\">\n\n            <img data-image-id='25'\n                 title=\"\"\n                 alt=\"FeWo_Gottlob_1\"\n                 src=\"https:\/\/urlaub-am-inselsberg.de\/hubertus\/wp-content\/gallery\/gottlob\/FeWo_Gottlob_1.jpg\"\n                 style=\"max-height: 380px;\"\/>\n        <\/a>\n\n        <\/div> \n<div id=\"ngg-image-6\" class=\"ngg-gallery-slideshow-image\" style=\"height:400px\">\n\n        <a href=\"https:\/\/urlaub-am-inselsberg.de\/hubertus\/wp-content\/gallery\/gottlob\/FeWo_Gottlob_2.jpg\"\n           title=\"\"\n           data-src=\"https:\/\/urlaub-am-inselsberg.de\/hubertus\/wp-content\/gallery\/gottlob\/FeWo_Gottlob_2.jpg\"\n           data-thumbnail=\"https:\/\/urlaub-am-inselsberg.de\/hubertus\/wp-content\/gallery\/gottlob\/thumbs\/thumbs_FeWo_Gottlob_2.jpg\"\n           data-image-id=\"26\"\n           data-title=\"FeWo_Gottlob_2\"\n           data-description=\"\"\n           class=\"ngg-fancybox\" rel=\"272\">\n\n            <img data-image-id='26'\n                 title=\"\"\n                 alt=\"FeWo_Gottlob_2\"\n                 src=\"https:\/\/urlaub-am-inselsberg.de\/hubertus\/wp-content\/gallery\/gottlob\/FeWo_Gottlob_2.jpg\"\n                 style=\"max-height: 380px;\"\/>\n        <\/a>\n\n        <\/div> \n<\/div>\n\n\n\t\t<!-- Thumbnails Link -->\n\t<div class=\"slideshowlink\" style=\"max-width: 600px;\">\n        <a href='https:\/\/urlaub-am-inselsberg.de\/hubertus\/ferienwohnungen\/nggallery\/thumbnails'>Bildergalerie<\/a>\n\t<\/div>\n\n[\/et_pb_toggle][et_pb_toggle title=&#8220;Preise&#8220; admin_label=&#8220;Toggle Preise&#8220; _builder_version=&#8220;4.9.3&#8243; background_size=&#8220;initial&#8220; background_position=&#8220;top_left&#8220; background_repeat=&#8220;repeat&#8220; hover_enabled=&#8220;0&#8243; sticky_enabled=&#8220;0&#8243;]<\/p>\n<p><strong>\u00dcbernachtungspreis: <\/strong>45,- \u20ac<br \/>bis 2 Personen<\/p>\n<p><strong>jede weitere Person: <\/strong>5,- \u20ac<\/p>\n<p><strong>Endreinigung<\/strong>: 40,00 \u20ac<\/p>\n<p><strong><strong>Transfer zum Rennsteig: <\/strong><\/strong>1,- \u20ac pro Person<\/p>\n<p><strong>kleine Hunde<\/strong><strong>: <\/strong>2,50 \u20ac<br \/>(nur nach R\u00fccksprache)<\/p>\n<p><strong>Fahrradverleih: <\/strong>4,- \u20ac<\/p>\n<p><strong>Kurtaxe: <\/strong>3,50 \u20ac f\u00fcr Erwachsene, <br \/>2,20 \u20ac f\u00fcr Kinder (von 6 -16 Jahren)<\/p>\n<p>Inbegriffen sind Transfer von und zur Bahn, jede Woche frische Handt\u00fccher, alle 14 Tage frische Bettw\u00e4sche.<\/p>\n<p>[\/et_pb_toggle][\/et_pb_column][et_pb_column type=&#8220;1_3&#8243; _builder_version=&#8220;3.25&#8243; custom_padding=&#8220;|||&#8220; custom_padding__hover=&#8220;|||&#8220;][et_pb_toggle title=&#8220;Ferienwohnung Panoramablick&#8220; open=&#8220;on&#8220; admin_label=&#8220;Toggle Panoblick&#8220; _builder_version=&#8220;4.4.2&#8243; background_size=&#8220;initial&#8220; background_position=&#8220;top_left&#8220; background_repeat=&#8220;repeat&#8220;]<a href=\"https:\/\/urlaub-am-inselsberg.de\/hubertus\/wp-content\/uploads\/2014\/11\/Ferienwohnung_Panorama.jpg\"><img loading=\"lazy\" class=\"alignnone wp-image-323 size-full\" src=\"https:\/\/urlaub-am-inselsberg.de\/hubertus\/wp-content\/uploads\/2014\/11\/Ferienwohnung_Panorama.jpg\" alt=\"\" width=\"500\" height=\"202\" srcset=\"https:\/\/urlaub-am-inselsberg.de\/hubertus\/wp-content\/uploads\/2014\/11\/Ferienwohnung_Panorama.jpg 500w, https:\/\/urlaub-am-inselsberg.de\/hubertus\/wp-content\/uploads\/2014\/11\/Ferienwohnung_Panorama-300x121.jpg 300w\" sizes=\"(max-width: 500px) 100vw, 500px\" \/><\/a><\/p>\n<p><strong><em>4 Sterne Ferienwohnung<\/em><\/strong><\/p>\n<p><span style=\"text-decoration: underline;\"><strong>Unsere Ferienwohnung:<\/strong><\/span><\/p>\n<ul>\n<li>hat eine K\u00fcche<\/li>\n<li>ein Wohnzimmmer mit verglastem Balkon (Ausziehcouch)<\/li>\n<li>ein gro\u00dfes und ein kleines Schlafzimmer (Doppelbett, zwei Wandbetten)<\/li>\n<li>DU\/WC<\/li>\n<li>eine Sitzecke im Garten<\/li>\n<\/ul>\n<p>&nbsp;[\/et_pb_toggle][et_pb_toggle title=&#8220;Ausstattung&#8220; admin_label=&#8220;Toggle Ausstattung&#8220; _builder_version=&#8220;3.0.98&#8243; background_size=&#8220;initial&#8220; background_position=&#8220;top_left&#8220; background_repeat=&#8220;repeat&#8220;]<\/p>\n<ul>\n<li>CD-Player<\/li>\n<li>&nbsp;SAT-TV, WLAN<\/li>\n<li>Geschirrsp\u00fcler<\/li>\n<li>Mikrowelle<\/li>\n<li>Kaffeemaschine<\/li>\n<li>Wasserkocher<\/li>\n<li>B\u00fcgelbrett, B\u00fcgeleisen<\/li>\n<li>F\u00f6n<\/li>\n<li>Safe<\/li>\n<\/ul>\n<p>[\/et_pb_toggle][et_pb_toggle title=&#8220;Galerie&#8220; admin_label=&#8220;Toggle Galerie&#8220; _builder_version=&#8220;4.4.2&#8243; background_size=&#8220;initial&#8220; background_position=&#8220;top_left&#8220; background_repeat=&#8220;repeat&#8220;]\n\n<div class=\"ngg-galleryoverview ngg-slideshow\"\n\t id=\"ngg-slideshow-375-20633664680\"\n     data-gallery-id=\"375\"\n     style=\"max-width: 600px; max-height: 400px;\">\n\n \t<div id=\"ngg-image-0\" class=\"ngg-gallery-slideshow-image\" style=\"height:400px\">\n\n        <a href=\"https:\/\/urlaub-am-inselsberg.de\/hubertus\/wp-content\/gallery\/panorama\/gr.Schlafzimmer.jpg\"\n           title=\"\"\n           data-src=\"https:\/\/urlaub-am-inselsberg.de\/hubertus\/wp-content\/gallery\/panorama\/gr.Schlafzimmer.jpg\"\n           data-thumbnail=\"https:\/\/urlaub-am-inselsberg.de\/hubertus\/wp-content\/gallery\/panorama\/thumbs\/thumbs_gr.Schlafzimmer.jpg\"\n           data-image-id=\"21\"\n           data-title=\"gr.Schlafzimmer\"\n           data-description=\"\"\n           class=\"ngg-fancybox\" rel=\"375\">\n\n            <img data-image-id='21'\n                 title=\"\"\n                 alt=\"gr.Schlafzimmer\"\n                 src=\"https:\/\/urlaub-am-inselsberg.de\/hubertus\/wp-content\/gallery\/panorama\/gr.Schlafzimmer.jpg\"\n                 style=\"max-height: 380px;\"\/>\n        <\/a>\n\n        <\/div> \n<div id=\"ngg-image-1\" class=\"ngg-gallery-slideshow-image\" style=\"height:400px\">\n\n        <a href=\"https:\/\/urlaub-am-inselsberg.de\/hubertus\/wp-content\/gallery\/panorama\/Kochzeile.jpg\"\n           title=\"\"\n           data-src=\"https:\/\/urlaub-am-inselsberg.de\/hubertus\/wp-content\/gallery\/panorama\/Kochzeile.jpg\"\n           data-thumbnail=\"https:\/\/urlaub-am-inselsberg.de\/hubertus\/wp-content\/gallery\/panorama\/thumbs\/thumbs_Kochzeile.jpg\"\n           data-image-id=\"22\"\n           data-title=\"Kochzeile\"\n           data-description=\"\"\n           class=\"ngg-fancybox\" rel=\"375\">\n\n            <img data-image-id='22'\n                 title=\"\"\n                 alt=\"Kochzeile\"\n                 src=\"https:\/\/urlaub-am-inselsberg.de\/hubertus\/wp-content\/gallery\/panorama\/Kochzeile.jpg\"\n                 style=\"max-height: 380px;\"\/>\n        <\/a>\n\n        <\/div> \n<div id=\"ngg-image-2\" class=\"ngg-gallery-slideshow-image\" style=\"height:400px\">\n\n        <a href=\"https:\/\/urlaub-am-inselsberg.de\/hubertus\/wp-content\/gallery\/panorama\/Blick-z.K%C3%BCche-2.jpg\"\n           title=\"\"\n           data-src=\"https:\/\/urlaub-am-inselsberg.de\/hubertus\/wp-content\/gallery\/panorama\/Blick-z.K%C3%BCche-2.jpg\"\n           data-thumbnail=\"https:\/\/urlaub-am-inselsberg.de\/hubertus\/wp-content\/gallery\/panorama\/thumbs\/thumbs_Blick-z.K%C3%BCche-2.jpg\"\n           data-image-id=\"20\"\n           data-title=\"Blick-z.K\u00fcche-2\"\n           data-description=\"\"\n           class=\"ngg-fancybox\" rel=\"375\">\n\n            <img data-image-id='20'\n                 title=\"\"\n                 alt=\"Blick-z.K\u00fcche-2\"\n                 src=\"https:\/\/urlaub-am-inselsberg.de\/hubertus\/wp-content\/gallery\/panorama\/Blick-z.K%C3%BCche-2.jpg\"\n                 style=\"max-height: 380px;\"\/>\n        <\/a>\n\n        <\/div> \n<div id=\"ngg-image-3\" class=\"ngg-gallery-slideshow-image\" style=\"height:400px\">\n\n        <a href=\"https:\/\/urlaub-am-inselsberg.de\/hubertus\/wp-content\/gallery\/panorama\/K%C3%BCche.jpg\"\n           title=\"\"\n           data-src=\"https:\/\/urlaub-am-inselsberg.de\/hubertus\/wp-content\/gallery\/panorama\/K%C3%BCche.jpg\"\n           data-thumbnail=\"https:\/\/urlaub-am-inselsberg.de\/hubertus\/wp-content\/gallery\/panorama\/thumbs\/thumbs_K%C3%BCche.jpg\"\n           data-image-id=\"23\"\n           data-title=\"K\u00fcche\"\n           data-description=\"\"\n           class=\"ngg-fancybox\" rel=\"375\">\n\n            <img data-image-id='23'\n                 title=\"\"\n                 alt=\"K\u00fcche\"\n                 src=\"https:\/\/urlaub-am-inselsberg.de\/hubertus\/wp-content\/gallery\/panorama\/K%C3%BCche.jpg\"\n                 style=\"max-height: 380px;\"\/>\n        <\/a>\n\n        <\/div> \n<div id=\"ngg-image-4\" class=\"ngg-gallery-slideshow-image\" style=\"height:400px\">\n\n        <a href=\"https:\/\/urlaub-am-inselsberg.de\/hubertus\/wp-content\/gallery\/panorama\/Bad.jpg\"\n           title=\"\"\n           data-src=\"https:\/\/urlaub-am-inselsberg.de\/hubertus\/wp-content\/gallery\/panorama\/Bad.jpg\"\n           data-thumbnail=\"https:\/\/urlaub-am-inselsberg.de\/hubertus\/wp-content\/gallery\/panorama\/thumbs\/thumbs_Bad.jpg\"\n           data-image-id=\"17\"\n           data-title=\"Bad\"\n           data-description=\"\"\n           class=\"ngg-fancybox\" rel=\"375\">\n\n            <img data-image-id='17'\n                 title=\"\"\n                 alt=\"Bad\"\n                 src=\"https:\/\/urlaub-am-inselsberg.de\/hubertus\/wp-content\/gallery\/panorama\/Bad.jpg\"\n                 style=\"max-height: 380px;\"\/>\n        <\/a>\n\n        <\/div> \n<div id=\"ngg-image-5\" class=\"ngg-gallery-slideshow-image\" style=\"height:400px\">\n\n        <a href=\"https:\/\/urlaub-am-inselsberg.de\/hubertus\/wp-content\/gallery\/panorama\/beide-Schlafr%C3%A4ume.jpg\"\n           title=\"\"\n           data-src=\"https:\/\/urlaub-am-inselsberg.de\/hubertus\/wp-content\/gallery\/panorama\/beide-Schlafr%C3%A4ume.jpg\"\n           data-thumbnail=\"https:\/\/urlaub-am-inselsberg.de\/hubertus\/wp-content\/gallery\/panorama\/thumbs\/thumbs_beide-Schlafr%C3%A4ume.jpg\"\n           data-image-id=\"18\"\n           data-title=\"beide-Schlafr\u00e4ume\"\n           data-description=\"\"\n           class=\"ngg-fancybox\" rel=\"375\">\n\n            <img data-image-id='18'\n                 title=\"\"\n                 alt=\"beide-Schlafr\u00e4ume\"\n                 src=\"https:\/\/urlaub-am-inselsberg.de\/hubertus\/wp-content\/gallery\/panorama\/beide-Schlafr%C3%A4ume.jpg\"\n                 style=\"max-height: 380px;\"\/>\n        <\/a>\n\n        <\/div> \n<div id=\"ngg-image-6\" class=\"ngg-gallery-slideshow-image\" style=\"height:400px\">\n\n        <a href=\"https:\/\/urlaub-am-inselsberg.de\/hubertus\/wp-content\/gallery\/panorama\/Blick-v.-Balkon.jpg\"\n           title=\"\"\n           data-src=\"https:\/\/urlaub-am-inselsberg.de\/hubertus\/wp-content\/gallery\/panorama\/Blick-v.-Balkon.jpg\"\n           data-thumbnail=\"https:\/\/urlaub-am-inselsberg.de\/hubertus\/wp-content\/gallery\/panorama\/thumbs\/thumbs_Blick-v.-Balkon.jpg\"\n           data-image-id=\"19\"\n           data-title=\"Blick-v.-Balkon\"\n           data-description=\"\"\n           class=\"ngg-fancybox\" rel=\"375\">\n\n            <img data-image-id='19'\n                 title=\"\"\n                 alt=\"Blick-v.-Balkon\"\n                 src=\"https:\/\/urlaub-am-inselsberg.de\/hubertus\/wp-content\/gallery\/panorama\/Blick-v.-Balkon.jpg\"\n                 style=\"max-height: 380px;\"\/>\n        <\/a>\n\n        <\/div> \n<div id=\"ngg-image-7\" class=\"ngg-gallery-slideshow-image\" style=\"height:400px\">\n\n        <a href=\"https:\/\/urlaub-am-inselsberg.de\/hubertus\/wp-content\/gallery\/panorama\/grundriss_paroma.jpg\"\n           title=\"\"\n           data-src=\"https:\/\/urlaub-am-inselsberg.de\/hubertus\/wp-content\/gallery\/panorama\/grundriss_paroma.jpg\"\n           data-thumbnail=\"https:\/\/urlaub-am-inselsberg.de\/hubertus\/wp-content\/gallery\/panorama\/thumbs\/thumbs_grundriss_paroma.jpg\"\n           data-image-id=\"24\"\n           data-title=\"grundriss_paroma\"\n           data-description=\"\"\n           class=\"ngg-fancybox\" rel=\"375\">\n\n            <img data-image-id='24'\n                 title=\"\"\n                 alt=\"grundriss_paroma\"\n                 src=\"https:\/\/urlaub-am-inselsberg.de\/hubertus\/wp-content\/gallery\/panorama\/grundriss_paroma.jpg\"\n                 style=\"max-height: 380px;\"\/>\n        <\/a>\n\n        <\/div> \n<\/div>\n\n\n\t\t<!-- Thumbnails Link -->\n\t<div class=\"slideshowlink\" style=\"max-width: 600px;\">\n        <a href='https:\/\/urlaub-am-inselsberg.de\/hubertus\/ferienwohnungen\/nggallery\/thumbnails'>Bildergalerie<\/a>\n\t<\/div>\n\n[\/et_pb_toggle][et_pb_toggle title=&#8220;Preise&#8220; admin_label=&#8220;Toggle Preise&#8220; _builder_version=&#8220;4.9.3&#8243; background_size=&#8220;initial&#8220; background_position=&#8220;top_left&#8220; background_repeat=&#8220;repeat&#8220; hover_enabled=&#8220;0&#8243; sticky_enabled=&#8220;0&#8243;]<\/p>\n<p><strong>\u00dcbernachtungspreis: <br \/><\/strong>50,- \u20ac bis 2 Personen<\/p>\n<p><strong>jede weitere Person: <\/strong>5,- \u20ac<\/p>\n<p><strong>Endreinigung<\/strong>: 40,00 \u20ac<\/p>\n<p><strong><strong>Transfer zum Rennsteig: <\/strong><\/strong>1,- \u20ac pro Person<\/p>\n<p><strong>kleine Hunde<\/strong><strong>: <\/strong>2,50 \u20ac<br \/>(nur nach R\u00fccksprache)<\/p>\n<p><strong>Fahrradverleih: <\/strong>4,- \u20ac<\/p>\n<p><strong>Kurtaxe: <\/strong>3,50 \u20ac f\u00fcr Erwachsene, <br \/>2,20 \u20ac f\u00fcr Kinder (von 6 &#8211; 16 Jahren)<\/p>\n<p>Inbegriffen sind Transfer von und zur Bahn, jede Woche frische Handt\u00fccher, alle 14 Tage frische Bettw\u00e4sche.<\/p>\n<p><strong>\u00a0\u00a0\u00a0\u00a0\u00a0\u00a0\u00a0\u00a0\u00a0\u00a0\u00a0\u00a0\u00a0 <\/strong><\/p>\n<p>[\/et_pb_toggle][\/et_pb_column][\/et_pb_row][\/et_pb_section]<\/p>\n","protected":false},"excerpt":{"rendered":"<p>[et_pb_section fb_built=&#8220;1&#8243; _builder_version=&#8220;3.22&#8243; background_color=&#8220;#ffffff&#8220; background_image=&#8220;http:\/\/urlaubaminselsberg.km34701.keymachine.de\/hubertus\/wp-content\/uploads\/2014\/11\/Hintergrund-Hubertus.jpg&#8220; transparent_background=&#8220;off&#8220;][et_pb_row _builder_version=&#8220;3.25&#8243; background_size=&#8220;initial&#8220; background_position=&#8220;top_left&#8220; background_repeat=&#8220;repeat&#8220;][et_pb_column type=&#8220;4_4&#8243; _builder_version=&#8220;3.25&#8243; custom_padding=&#8220;|||&#8220; custom_padding__hover=&#8220;|||&#8220;][et_pb_text admin_label=&#8220;Text Unsere Ferienwohnungen&#8220; _builder_version=&#8220;4.4.2&#8243; background_size=&#8220;initial&#8220; background_position=&#8220;top_left&#8220; background_repeat=&#8220;repeat&#8220;] Unsere Ferienwohnungen [\/et_pb_text][et_pb_text _builder_version=&#8220;3.27.4&#8243; background_size=&#8220;initial&#8220; background_position=&#8220;top_left&#8220; background_repeat=&#8220;repeat&#8220;] [\/et_pb_text][\/et_pb_column][\/et_pb_row][et_pb_row column_structure=&#8220;1_3,1_3,1_3&#8243; _builder_version=&#8220;3.25&#8243; background_size=&#8220;initial&#8220; background_position=&#8220;top_left&#8220; background_repeat=&#8220;repeat&#8220;][et_pb_column type=&#8220;1_3&#8243; _builder_version=&#8220;3.25&#8243; custom_padding=&#8220;|||&#8220; custom_padding__hover=&#8220;|||&#8220;][et_pb_toggle title=&#8220;Ferienwohnung Bungalow&#8220; open=&#8220;on&#8220; admin_label=&#8220;Toggle Bungalow&#8220; _builder_version=&#8220;4.4.2&#8243; background_size=&#8220;initial&#8220; background_position=&#8220;top_left&#8220; background_repeat=&#8220;repeat&#8220;] Ferienwohnung mit 30m\u00b2 Wohnfl\u00e4che Unser Bungalow: Veranda ein [&hellip;]<\/p>\n","protected":false},"author":1,"featured_media":0,"parent":0,"menu_order":0,"comment_status":"open","ping_status":"open","template":"","meta":{"_et_pb_use_builder":"on","_et_pb_old_content":"","_et_gb_content_width":"","ngg_post_thumbnail":0},"yoast_head":"<!-- This site is optimized with the Yoast SEO plugin v17.8 - https:\/\/yoast.com\/wordpress\/plugins\/seo\/ -->\n<title>Urlaub im Ferienhaus Hubertus am Rennsteig<\/title>\n<meta name=\"description\" content=\"Unsere Ferienwohnungen bieten allen Komfort, damit Sie Ihren Urlaub genie\u00dfen k\u00f6nnen. F\u00fcr Anfragen rufen Sie uns gern an: \u2706 (03623) 30 44 72\" \/>\n<meta name=\"robots\" content=\"index, follow, max-snippet:-1, max-image-preview:large, max-video-preview:-1\" \/>\n<link rel=\"canonical\" href=\"https:\/\/urlaub-am-inselsberg.de\/hubertus\/ferienwohnungen\/\" \/>\n<meta property=\"og:locale\" content=\"de_DE\" \/>\n<meta property=\"og:type\" content=\"article\" \/>\n<meta property=\"og:title\" content=\"Urlaub im Ferienhaus Hubertus am Rennsteig\" \/>\n<meta property=\"og:description\" content=\"Unsere Ferienwohnungen bieten allen Komfort, damit Sie Ihren Urlaub genie\u00dfen k\u00f6nnen. F\u00fcr Anfragen rufen Sie uns gern an: \u2706 (03623) 30 44 72\" \/>\n<meta property=\"og:url\" content=\"https:\/\/urlaub-am-inselsberg.de\/hubertus\/ferienwohnungen\/\" \/>\n<meta property=\"og:site_name\" content=\"Ferienhaus Hubertus\" \/>\n<meta property=\"article:modified_time\" content=\"2026-02-02T09:59:02+00:00\" \/>\n<meta property=\"og:image\" content=\"https:\/\/urlaub-am-inselsberg.de\/hubertus\/wp-content\/uploads\/2014\/11\/Ferienwohnung_Bungalow.jpg\" \/>\n<meta name=\"twitter:label1\" content=\"Gesch\u00e4tzte Lesezeit\" \/>\n\t<meta name=\"twitter:data1\" content=\"4\u00a0Minuten\" \/>\n<script type=\"application\/ld+json\" class=\"yoast-schema-graph\">{\"@context\":\"https:\/\/schema.org\",\"@graph\":[{\"@type\":\"WebSite\",\"@id\":\"https:\/\/urlaub-am-inselsberg.de\/hubertus\/#website\",\"url\":\"https:\/\/urlaub-am-inselsberg.de\/hubertus\/\",\"name\":\"Ferienhaus Hubertus\",\"description\":\"Urlaub am Inselsberg\",\"potentialAction\":[{\"@type\":\"SearchAction\",\"target\":{\"@type\":\"EntryPoint\",\"urlTemplate\":\"https:\/\/urlaub-am-inselsberg.de\/hubertus\/?s={search_term_string}\"},\"query-input\":\"required name=search_term_string\"}],\"inLanguage\":\"de\"},{\"@type\":\"ImageObject\",\"@id\":\"https:\/\/urlaub-am-inselsberg.de\/hubertus\/ferienwohnungen\/#primaryimage\",\"inLanguage\":\"de\",\"url\":\"https:\/\/urlaub-am-inselsberg.de\/hubertus\/wp-content\/uploads\/2014\/11\/Ferienwohnung_Bungalow.jpg\",\"contentUrl\":\"https:\/\/urlaub-am-inselsberg.de\/hubertus\/wp-content\/uploads\/2014\/11\/Ferienwohnung_Bungalow.jpg\",\"width\":500,\"height\":202},{\"@type\":\"WebPage\",\"@id\":\"https:\/\/urlaub-am-inselsberg.de\/hubertus\/ferienwohnungen\/#webpage\",\"url\":\"https:\/\/urlaub-am-inselsberg.de\/hubertus\/ferienwohnungen\/\",\"name\":\"Urlaub im Ferienhaus Hubertus am Rennsteig\",\"isPartOf\":{\"@id\":\"https:\/\/urlaub-am-inselsberg.de\/hubertus\/#website\"},\"primaryImageOfPage\":{\"@id\":\"https:\/\/urlaub-am-inselsberg.de\/hubertus\/ferienwohnungen\/#primaryimage\"},\"datePublished\":\"2014-11-03T09:05:05+00:00\",\"dateModified\":\"2026-02-02T09:59:02+00:00\",\"description\":\"Unsere Ferienwohnungen bieten allen Komfort, damit Sie Ihren Urlaub genie\\u00dfen k\\u00f6nnen. F\\u00fcr Anfragen rufen Sie uns gern an: \\u2706 (03623) 30 44 72\",\"breadcrumb\":{\"@id\":\"https:\/\/urlaub-am-inselsberg.de\/hubertus\/ferienwohnungen\/#breadcrumb\"},\"inLanguage\":\"de\",\"potentialAction\":[{\"@type\":\"ReadAction\",\"target\":[\"https:\/\/urlaub-am-inselsberg.de\/hubertus\/ferienwohnungen\/\"]}]},{\"@type\":\"BreadcrumbList\",\"@id\":\"https:\/\/urlaub-am-inselsberg.de\/hubertus\/ferienwohnungen\/#breadcrumb\",\"itemListElement\":[{\"@type\":\"ListItem\",\"position\":1,\"name\":\"Home\",\"item\":\"https:\/\/urlaub-am-inselsberg.de\/hubertus\/\"},{\"@type\":\"ListItem\",\"position\":2,\"name\":\"Ferienwohnungen\"}]}]}<\/script>\n<!-- \/ Yoast SEO plugin. -->","yoast_head_json":{"title":"Urlaub im Ferienhaus Hubertus am Rennsteig","description":"Unsere Ferienwohnungen bieten allen Komfort, damit Sie Ihren Urlaub genie\u00dfen k\u00f6nnen. F\u00fcr Anfragen rufen Sie uns gern an: \u2706 (03623) 30 44 72","robots":{"index":"index","follow":"follow","max-snippet":"max-snippet:-1","max-image-preview":"max-image-preview:large","max-video-preview":"max-video-preview:-1"},"canonical":"https:\/\/urlaub-am-inselsberg.de\/hubertus\/ferienwohnungen\/","og_locale":"de_DE","og_type":"article","og_title":"Urlaub im Ferienhaus Hubertus am Rennsteig","og_description":"Unsere Ferienwohnungen bieten allen Komfort, damit Sie Ihren Urlaub genie\u00dfen k\u00f6nnen. F\u00fcr Anfragen rufen Sie uns gern an: \u2706 (03623) 30 44 72","og_url":"https:\/\/urlaub-am-inselsberg.de\/hubertus\/ferienwohnungen\/","og_site_name":"Ferienhaus Hubertus","article_modified_time":"2026-02-02T09:59:02+00:00","og_image":[{"url":"https:\/\/urlaub-am-inselsberg.de\/hubertus\/wp-content\/uploads\/2014\/11\/Ferienwohnung_Bungalow.jpg"}],"twitter_misc":{"Gesch\u00e4tzte Lesezeit":"4\u00a0Minuten"},"schema":{"@context":"https:\/\/schema.org","@graph":[{"@type":"WebSite","@id":"https:\/\/urlaub-am-inselsberg.de\/hubertus\/#website","url":"https:\/\/urlaub-am-inselsberg.de\/hubertus\/","name":"Ferienhaus Hubertus","description":"Urlaub am Inselsberg","potentialAction":[{"@type":"SearchAction","target":{"@type":"EntryPoint","urlTemplate":"https:\/\/urlaub-am-inselsberg.de\/hubertus\/?s={search_term_string}"},"query-input":"required name=search_term_string"}],"inLanguage":"de"},{"@type":"ImageObject","@id":"https:\/\/urlaub-am-inselsberg.de\/hubertus\/ferienwohnungen\/#primaryimage","inLanguage":"de","url":"https:\/\/urlaub-am-inselsberg.de\/hubertus\/wp-content\/uploads\/2014\/11\/Ferienwohnung_Bungalow.jpg","contentUrl":"https:\/\/urlaub-am-inselsberg.de\/hubertus\/wp-content\/uploads\/2014\/11\/Ferienwohnung_Bungalow.jpg","width":500,"height":202},{"@type":"WebPage","@id":"https:\/\/urlaub-am-inselsberg.de\/hubertus\/ferienwohnungen\/#webpage","url":"https:\/\/urlaub-am-inselsberg.de\/hubertus\/ferienwohnungen\/","name":"Urlaub im Ferienhaus Hubertus am Rennsteig","isPartOf":{"@id":"https:\/\/urlaub-am-inselsberg.de\/hubertus\/#website"},"primaryImageOfPage":{"@id":"https:\/\/urlaub-am-inselsberg.de\/hubertus\/ferienwohnungen\/#primaryimage"},"datePublished":"2014-11-03T09:05:05+00:00","dateModified":"2026-02-02T09:59:02+00:00","description":"Unsere Ferienwohnungen bieten allen Komfort, damit Sie Ihren Urlaub genie\u00dfen k\u00f6nnen. F\u00fcr Anfragen rufen Sie uns gern an: \u2706 (03623) 30 44 72","breadcrumb":{"@id":"https:\/\/urlaub-am-inselsberg.de\/hubertus\/ferienwohnungen\/#breadcrumb"},"inLanguage":"de","potentialAction":[{"@type":"ReadAction","target":["https:\/\/urlaub-am-inselsberg.de\/hubertus\/ferienwohnungen\/"]}]},{"@type":"BreadcrumbList","@id":"https:\/\/urlaub-am-inselsberg.de\/hubertus\/ferienwohnungen\/#breadcrumb","itemListElement":[{"@type":"ListItem","position":1,"name":"Home","item":"https:\/\/urlaub-am-inselsberg.de\/hubertus\/"},{"@type":"ListItem","position":2,"name":"Ferienwohnungen"}]}]}},"_links":{"self":[{"href":"https:\/\/urlaub-am-inselsberg.de\/hubertus\/wp-json\/wp\/v2\/pages\/172"}],"collection":[{"href":"https:\/\/urlaub-am-inselsberg.de\/hubertus\/wp-json\/wp\/v2\/pages"}],"about":[{"href":"https:\/\/urlaub-am-inselsberg.de\/hubertus\/wp-json\/wp\/v2\/types\/page"}],"author":[{"embeddable":true,"href":"https:\/\/urlaub-am-inselsberg.de\/hubertus\/wp-json\/wp\/v2\/users\/1"}],"replies":[{"embeddable":true,"href":"https:\/\/urlaub-am-inselsberg.de\/hubertus\/wp-json\/wp\/v2\/comments?post=172"}],"version-history":[{"count":13,"href":"https:\/\/urlaub-am-inselsberg.de\/hubertus\/wp-json\/wp\/v2\/pages\/172\/revisions"}],"predecessor-version":[{"id":763,"href":"https:\/\/urlaub-am-inselsberg.de\/hubertus\/wp-json\/wp\/v2\/pages\/172\/revisions\/763"}],"wp:attachment":[{"href":"https:\/\/urlaub-am-inselsberg.de\/hubertus\/wp-json\/wp\/v2\/media?parent=172"}],"curies":[{"name":"wp","href":"https:\/\/api.w.org\/{rel}","templated":true}]}}